{"id":35,"date":"2018-01-27T19:12:22","date_gmt":"2018-01-27T19:12:22","guid":{"rendered":"http:\/\/homepage.ffjuergensby.de\/?page_id=35"},"modified":"2023-06-25T16:35:25","modified_gmt":"2023-06-25T16:35:25","slug":"einsatzdienst","status":"publish","type":"page","link":"http:\/\/homepage.ffjuergensby.de\/?page_id=35","title":{"rendered":"Einsatzdienst"},"content":{"rendered":"<p style=\"text-align: justify;\"><strong>Die \u00f6rtliche Zust\u00e4ndigkeit der Feuer\u00adwehr J\u00fcr\u00adgens\u00adby in Flens\u00adburg ist abh\u00e4ngig von der Schadenslage. Bei&nbsp;ein\u00ader&nbsp;Feuer\u00admel\u00addung&nbsp;ist&nbsp;unsere Orts\u00adfeuer\u00adwehr f\u00fcr die Stadt\u00adteile J\u00fcr\u00adgens\u00adby, Fruer\u00adlund, teil\u00adweise M\u00fcr\u00adwik, bis Solit\u00fcde&nbsp;zust\u00e4ndig. Bei h\u00f6heren Alarm\u00adstufen oder bei Gro\u00dfschadensla\u00adgen (Gro\u00dffeuer, Hochwass\u00ader, Sturm etc.) sowie bei Ein\u00ads\u00e4tzen im Rah\u00admen der Son\u00adder\u00adauf\u00adgabe, erweit\u00adert sich die Zust\u00e4ndigkeit auf das gesamte Stadtgebiet.<\/strong><\/p>\n<p style=\"text-align: justify;\"><strong>Bei ein\u00ader Feuer\u00admel\u00addung im eige\u00adnen Ein\u00adsatzge\u00adbi\u00adet, wird die Feuer\u00adwehr J\u00fcr\u00adgens\u00adby ab 18.00 Uhr bis 06.00 Uhr des Fol\u00adge\u00adtags sowie am Woch\u00adenende durchge\u00adhend&nbsp; alarmiert. Zu den anderen Zeit\u00aden wird die Orts\u00adfeuer\u00adwehr nur dann alarmiert, wenn es die Schadenslage erfordert.<\/strong><\/p>\n<p style=\"text-align: justify;\"><strong>Die Feuer\u00adwehr J\u00fcr\u00adgens\u00adby wird zeit\u00adgle\u00adich mit der Berufs\u00adfeuer\u00adwehr Flens\u00adburg alarmiert. Die Mit\u00adglieder der Wehr beset\u00adzen die Fahrzeuge ca.&nbsp;6 \u2014 8&nbsp;Minuten nach Alar\u00admaus\u00adl\u00f6\u00adsung. Das hei\u00dft, die Orts\u00adfeuer\u00adwehr J\u00fcr\u00adgens\u00adby trifft ca.&nbsp;6 Minuten nach der Berufs\u00adfeuer\u00adwehr an der Ein\u00adsatzstelle ein.<\/strong><\/p>\n<p style=\"text-align: justify;\"><strong>Die&nbsp;per\u00adma\u00adnente Bere\u00aditschaft fordert von den Feuer\u00adwehrleuten viel ab. Es ist nicht zu vergessen, dass nicht jede Alarmierung mit ein\u00ader Hil\u00adfeleis\u00adtung ver\u00adbun\u00adden ist. Oft\u00admals wer\u00adden z.B. Brand\u00admeldean\u00adla\u00adgen durch tech\u00adnis\u00adche Defek\u00adte aus\u00adgel\u00f6st. Auch dieses f\u00fchrt zu ein\u00ader kom\u00adplet\u00adten Alarmierung der Orts\u00adfeuer\u00adwehr, ohne dass diese an der Ein\u00adsatzstelle t\u00e4tig wer\u00adden&nbsp;muss.<\/strong><\/p>\n<p style=\"text-align: justify;\"><strong>Die Feuer\u00adwehr J\u00fcr\u00adgens\u00adby wird durch\u00adschnit\u00adtlich 20 bis 30 mal pro Jahr alarmiert. Bei nur 10 bis 20 %&nbsp;m\u00fcssen die Mit\u00adglieder der Orts\u00adfeuer\u00adwehr an der Ein\u00adsatzstelle t\u00e4tig wer\u00adden. Bei den anderen Ein\u00ads\u00e4tzen han\u00addelt es sich oft um Entste\u00adhungs\u00adbr\u00e4nde oder Fehlalarme, bei denen das Ein\u00adgreifen der Kam\u00ader\u00adaden nicht (mehr) erforder\u00adlich&nbsp;ist.<\/strong><\/p>\n<p style=\"text-align: center;\">&nbsp; <span style=\"text-decoration: underline;\"><b>Um einen Auszug aus der aktuellen Ein\u00adsatzs\u00adta\u00adtis\u00adtik zu erhal\u00adten, klick\u00aden Sie bitte auf das nach\u00adste\u00adhende&nbsp;Bild.<\/b><\/span><\/p>\n<p style=\"text-align: center;\"><a href=\"https:\/\/flensburg.fox112.de\/HomePageEinsaetzeFF.php?EVSTAT=77633950&amp;HINTERGRUND=FFFFFF\"><img loading=\"lazy\" decoding=\"async\" class=\"size-full wp-image-163 aligncenter\" src=\"http:\/\/homepage.ffjuergensby.de\/wp-content\/uploads\/2018\/01\/20234164.jpg\" alt width=\"153\" height=\"150\"><\/a><\/p>\n","protected":false},"excerpt":{"rendered":"<p>Die \u00f6rtliche Zust\u00e4ndigkeit der Feuer\u00adwehr J\u00fcr\u00adgens\u00adby in Flens\u00adburg ist abh\u00e4ngig von der Schadenslage. Bei&nbsp;ein\u00ader&nbsp;Feuer\u00admel\u00addung&nbsp;ist&nbsp;unsere Orts\u00adfeuer\u00adwehr f\u00fcr die Stadt\u00adteile J\u00fcr\u00adgens\u00adby, Fruer\u00adlund, teil\u00adweise M\u00fcr\u00adwik, bis Solit\u00fcde&nbsp;zust\u00e4ndig. Bei h\u00f6heren Alarm\u00adstufen oder bei Gro\u00dfschadensla\u00adgen (Gro\u00dffeuer, Hochwass\u00ader, Sturm etc.) sowie bei Ein\u00ads\u00e4tzen im Rah\u00admen der Son\u00adder\u00adauf\u00adgabe, erweit\u00adert sich die Zust\u00e4ndigkeit auf das gesamte Stadt\u00adge\u00adbi\u00adet. Bei ein\u00ader Feuer\u00admel\u00addung im eige\u00adnen Ein\u00adsatzge\u00adbi\u00adet, wird die Feuer\u00adwehr J\u00fcr\u00adgens\u00adby ab 18.00 Uhr bis 06.00 Uhr des Fol\u00adge\u00adtags sowie am Woch\u00adenende durchge\u00adhend&nbsp; alarmiert. Zu den anderen Zeit\u00aden wird die Orts\u00adfeuer\u00adwehr&nbsp;nur<\/p>\n","protected":false},"author":1,"featured_media":0,"parent":0,"menu_order":0,"comment_status":"closed","ping_status":"closed","template":"","meta":{"wp_typography_post_enhancements_disabled":false,"footnotes":""},"class_list":["post-35","page","type-page","status-publish","hentry"],"_links":{"self":[{"href":"http:\/\/homepage.ffjuergensby.de\/index.php?rest_route=\/wp\/v2\/pages\/35","targetHints":{"allow":["GET"]}}],"collection":[{"href":"http:\/\/homepage.ffjuergensby.de\/index.php?rest_route=\/wp\/v2\/pages"}],"about":[{"href":"http:\/\/homepage.ffjuergensby.de\/index.php?rest_route=\/wp\/v2\/types\/page"}],"author":[{"embeddable":true,"href":"http:\/\/homepage.ffjuergensby.de\/index.php?rest_route=\/wp\/v2\/users\/1"}],"replies":[{"embeddable":true,"href":"http:\/\/homepage.ffjuergensby.de\/index.php?rest_route=%2Fwp%2Fv2%2Fcomments&post=35"}],"version-history":[{"count":5,"href":"http:\/\/homepage.ffjuergensby.de\/index.php?rest_route=\/wp\/v2\/pages\/35\/revisions"}],"predecessor-version":[{"id":1876,"href":"http:\/\/homepage.ffjuergensby.de\/index.php?rest_route=\/wp\/v2\/pages\/35\/revisions\/1876"}],"wp:attachment":[{"href":"http:\/\/homepage.ffjuergensby.de\/index.php?rest_route=%2Fwp%2Fv2%2Fmedia&parent=35"}],"curies":[{"name":"wp","href":"https:\/\/api.w.org\/{rel}","templated":true}]}}